{"id":33476,"date":"2016-07-28T10:17:44","date_gmt":"2016-07-28T08:17:44","guid":{"rendered":"https:\/\/www.legalmondo.com\/network\/tomas-rybar\/"},"modified":"2025-11-27T23:44:28","modified_gmt":"2025-11-27T22:44:28","slug":"tomas-rybar","status":"publish","type":"vendor","link":"https:\/\/www.legalmondo.com\/pt-pt\/network\/tomas-rybar\/","title":{"rendered":"Tomas Rybar"},"content":{"rendered":"<p>A atividade profissional de Tomas Rybar concentra-se principalmente nas \u00e1reas corporativa e comercial, bem como laboral e de emprego. Tomas possui conhecimentos espec\u00edficos nos setores farmac\u00eautico, de transportes e de servi\u00e7os postais. Tomas participou como advogado principal em v\u00e1rias transa\u00e7\u00f5es importantes de privatiza\u00e7\u00e3o e fus\u00f5es e aquisi\u00e7\u00f5es, em particular nas \u00e1reas das telecomunica\u00e7\u00f5es, energia, alimenta\u00e7\u00e3o, viagens e ci\u00eancias da vida.<\/p>\n<p>Tomas \u00e9 s\u00f3cio da Cechova &amp; Partners em Bratislava, Eslov\u00e1quia.<\/p>\n<p>Tomas formou-se na Faculdade de Direito da Universidade Comenius, em Bratislava, Eslov\u00e1quia, e obteve o seu mestrado em 2001.<\/p>\n<p>\u00c9 recomendado pessoalmente pela Chambers Europe, Chambers Global e Legal 500.<\/p>\n<p>Tomas \u00e9 membro do Conselho Consultivo do C\u00edrculo de Conformidade Eslovaco, do Comit\u00e9 de Rela\u00e7\u00f5es Exteriores da Ordem dos Advogados da Eslov\u00e1quia e do Comit\u00e9 Executivo da Associa\u00e7\u00e3o Internacional de Jovens Advogados. Tomas \u00e9 membro da Team Europe, um grupo de especialistas em assuntos da UE organizado pela Delega\u00e7\u00e3o da Comiss\u00e3o Europeia na Rep\u00fablica Eslovaca, e atuou como palestrante para a Delega\u00e7\u00e3o da Comiss\u00e3o Europeia e o Gabinete do Governo da Rep\u00fablica Eslovaca.<\/p>\n<p>As suas l\u00ednguas de trabalho s\u00e3o o eslovaco, o ingl\u00eas e o checo.<\/p>\n","protected":false},"excerpt":{"rendered":"<p>The professional activity of Tomas Rybar is mainly focused on the fields of corporate &#038; commercial as well as labour &#038; employment. Tomas has particular sector knowledge in the fields of pharmaceuticals, transportation and postal services.<\/p>\n","protected":false},"author":49,"featured_media":22022,"template":"","sector":[12623],"country":[12301,11636],"skill":[12508,12509,12535],"class_list":["post-33476","vendor","type-vendor","status-publish","has-post-thumbnail","hentry","sector-legal-en-pt-pt","country-bratislava-pt-pt","country-sk-pt-pt","skill-contracts-pt-pt","skill-corporate-pt-pt","skill-labor-pt-pt"],"acf":[],"_links":{"self":[{"href":"https:\/\/www.legalmondo.com\/pt-pt\/wp-json\/wp\/v2\/vendor\/33476","targetHints":{"allow":["GET"]}}],"collection":[{"href":"https:\/\/www.legalmondo.com\/pt-pt\/wp-json\/wp\/v2\/vendor"}],"about":[{"href":"https:\/\/www.legalmondo.com\/pt-pt\/wp-json\/wp\/v2\/types\/vendor"}],"author":[{"embeddable":true,"href":"https:\/\/www.legalmondo.com\/pt-pt\/wp-json\/wp\/v2\/users\/49"}],"wp:featuredmedia":[{"embeddable":true,"href":"https:\/\/www.legalmondo.com\/pt-pt\/wp-json\/wp\/v2\/media\/22022"}],"wp:attachment":[{"href":"https:\/\/www.legalmondo.com\/pt-pt\/wp-json\/wp\/v2\/media?parent=33476"}],"wp:term":[{"taxonomy":"sector","embeddable":true,"href":"https:\/\/www.legalmondo.com\/pt-pt\/wp-json\/wp\/v2\/sector?post=33476"},{"taxonomy":"country","embeddable":true,"href":"https:\/\/www.legalmondo.com\/pt-pt\/wp-json\/wp\/v2\/country?post=33476"},{"taxonomy":"skill","embeddable":true,"href":"https:\/\/www.legalmondo.com\/pt-pt\/wp-json\/wp\/v2\/skill?post=33476"}],"curies":[{"name":"wp","href":"https:\/\/api.w.org\/{rel}","templated":true}]}}