{"id":32968,"date":"2019-01-31T17:33:55","date_gmt":"2019-01-31T16:33:55","guid":{"rendered":"https:\/\/www.legalmondo.com\/network\/nils-dohler\/"},"modified":"2025-10-05T22:13:06","modified_gmt":"2025-10-05T20:13:06","slug":"nils-dohler","status":"publish","type":"vendor","link":"https:\/\/www.legalmondo.com\/pt-pt\/network\/nils-dohler\/","title":{"rendered":"Nils D\u00f6hler"},"content":{"rendered":"<p>Nils D\u00f6hler \u00e9 um advogado determinado, vers\u00e1til e dotado de uma not\u00e1vel capacidade de adapta\u00e7\u00e3o.<\/p>\n<p>As suas \u00e1reas de especializa\u00e7\u00e3o s\u00e3o: direito imobili\u00e1rio e urban\u00edstico; empr\u00e9stimos e direito dos contratos; financiamentos e garantias; direito civil e sucess\u00f5es, com um foco espec\u00edfico em heran\u00e7as internacionais.<\/p>\n<p>Realizou os seus estudos acad\u00e9micos entre a Universidade de Osnabr\u00fcck e a Universidade de Col\u00f3nia (Alemanha) e est\u00e1 inscrito na Ordem dos Advogados (Rechtsanwalt) de Berlim. Obteve um Mestrado em Direito Empresarial (MADE) na Universidade Pompeu Fabra de Barcelona e est\u00e1 inscrito na Ordem dos Advogados de Espanha desde 2007. Tudo isso faz dele um advogado com uma abordagem multicultural e uma extraordin\u00e1ria capacidade de entrar em contacto com os clientes e suas necessidades globais.<\/p>\n<p>Nils tamb\u00e9m possui um grande esp\u00edrito de equipa e entusiasmo para se destacar nas \u00e1reas em que \u00e9 especialista: por isso faz parte da DAV \u2013 Deutscher Anwaltverein (Associa\u00e7\u00e3o Nacional de Advogados Alem\u00e3es); ARGE \u2013 Arbeitsgemeinschaft f\u00fcr Bau- und Immobilienrecht (grupo de trabalho sobre planeamento urbano e direito imobili\u00e1rio); DVEV \u2013 Vereinigung f\u00fcr Erbrecht und Verm\u00f6gensnachfolge e.V. (Associa\u00e7\u00e3o de direito sucess\u00f3rio e planeamento patrimonial).<\/p>\n<p>Ativo em estrat\u00e9gias de marketing relacionadas com a profiss\u00e3o jur\u00eddica, \u00e9 membro da AIJA (Associa\u00e7\u00e3o Internacional de Jovens Advogados), da qual fez parte do Comit\u00e9 Executivo (2013-2016) e foi presidente da comiss\u00e3o de direito imobili\u00e1rio (2012-2015). Atualmente, \u00e9 representante nacional para Espanha (2018-2019).<\/p>\n<p>No que diz respeito aos setores em que tem uma vasta experi\u00eancia [imobili\u00e1rio, investimentos institucionais e privados, clientes privados e institui\u00e7\u00f5es financeiras], o objetivo de Nils \u00e9 sempre satisfazer as necessidades do mercado, participando tamb\u00e9m em feiras internacionais e v\u00e1rios outros eventos relacionados com estes setores. Al\u00e9m disso, como advogado alem\u00e3o sediado em Barcelona, \u00e9 membro do KDF \u2013 Deutschsprachiger F\u00fchrungskr\u00e4fte Kreis (C\u00edrculo de Administra\u00e7\u00e3o de L\u00edngua Alem\u00e3), um c\u00edrculo que tem como objetivo promover a liga\u00e7\u00e3o dos mercados de l\u00edngua alem\u00e3 na Espanha e vice-versa.<\/p>\n<p>Os seus pr\u00e9mios incluem o Who is Who Legal Real Estate 2016, 2017 e 2018, que o reconheceu como um dos maiores especialistas em Direito Imobili\u00e1rio espanhol.<\/p>\n<p>Nils \u00e9 alem\u00e3o nativo e fala fluentemente espanhol e ingl\u00eas.<\/p>\n","protected":false},"excerpt":{"rendered":"<p>Nils D\u00f6hler \u00e9 um advogado determinado, vers\u00e1til e dotado de uma not\u00e1vel capacidade de adapta\u00e7\u00e3o. As suas \u00e1reas de especializa\u00e7\u00e3o s\u00e3o: direito imobili\u00e1rio e urban\u00edstico; empr\u00e9stimos e direito dos contratos; financiamentos e garantias; direito civil e sucess\u00f5es, com um foco espec\u00edfico em heran\u00e7as internacionais. Realizou os seus estudos acad\u00e9micos entre a Universidade de Osnabr\u00fcck e [&hellip;]<\/p>\n","protected":false},"author":575,"featured_media":34178,"template":"","sector":[12623],"country":[12304,11639],"skill":[12544,12519,12545,12538,12517],"class_list":["post-32968","vendor","type-vendor","status-publish","has-post-thumbnail","hentry","sector-legal-en-pt-pt","country-barcelona-pt-pt","country-es-pt-pt","skill-procurements-and-constructions-pt-pt","skill-financing-and-securities-pt-pt","skill-real-estate-pt-pt","skill-ma-pt-pt","skill-estate-planning-pt-pt"],"acf":[],"_links":{"self":[{"href":"https:\/\/www.legalmondo.com\/pt-pt\/wp-json\/wp\/v2\/vendor\/32968","targetHints":{"allow":["GET"]}}],"collection":[{"href":"https:\/\/www.legalmondo.com\/pt-pt\/wp-json\/wp\/v2\/vendor"}],"about":[{"href":"https:\/\/www.legalmondo.com\/pt-pt\/wp-json\/wp\/v2\/types\/vendor"}],"author":[{"embeddable":true,"href":"https:\/\/www.legalmondo.com\/pt-pt\/wp-json\/wp\/v2\/users\/575"}],"wp:featuredmedia":[{"embeddable":true,"href":"https:\/\/www.legalmondo.com\/pt-pt\/wp-json\/wp\/v2\/media\/34178"}],"wp:attachment":[{"href":"https:\/\/www.legalmondo.com\/pt-pt\/wp-json\/wp\/v2\/media?parent=32968"}],"wp:term":[{"taxonomy":"sector","embeddable":true,"href":"https:\/\/www.legalmondo.com\/pt-pt\/wp-json\/wp\/v2\/sector?post=32968"},{"taxonomy":"country","embeddable":true,"href":"https:\/\/www.legalmondo.com\/pt-pt\/wp-json\/wp\/v2\/country?post=32968"},{"taxonomy":"skill","embeddable":true,"href":"https:\/\/www.legalmondo.com\/pt-pt\/wp-json\/wp\/v2\/skill?post=32968"}],"curies":[{"name":"wp","href":"https:\/\/api.w.org\/{rel}","templated":true}]}}