{"id":30999,"date":"2023-11-13T21:49:53","date_gmt":"2023-11-13T20:49:53","guid":{"rendered":"https:\/\/www.legalmondo.com\/network\/bruno-ariboni-brandi\/"},"modified":"2024-11-05T23:19:08","modified_gmt":"2024-11-05T22:19:08","slug":"bruno-ariboni-brandi","status":"publish","type":"vendor","link":"https:\/\/www.legalmondo.com\/pt-pt\/network\/bruno-ariboni-brandi\/","title":{"rendered":"Bruno Ariboni Brandi"},"content":{"rendered":"<p>Bruno Ariboni Brandi auxilia clientes estrangeiros na cria\u00e7\u00e3o de empreendimentos no Brasil, bem como na prote\u00e7\u00e3o adequada dos seus ativos. Tamb\u00e9m atua em atividades de aplica\u00e7\u00e3o da lei com amplo conhecimento de Propriedade Intelectual, direito societ\u00e1rio e comercial, neg\u00f3cios de M&amp;A e joint ventures.<\/p>\n<p>Ingressou no escrit\u00f3rio Ariboni Fabbri &amp; Schmidt Advogados h\u00e1 20 anos. Bruno \u00e9 membro da Ordem dos Advogados do Brasil (OAB) desde 2006.<\/p>\n<p>Bruno formou-se em Direito pela Pontif\u00edcia Universidade Cat\u00f3lica de Campinas (PUC) em 2005. Cursou especializa\u00e7\u00e3o em Direito Societ\u00e1rio no Centro Universit\u00e1rio de Educa\u00e7\u00e3o Continuada (CEU) em S\u00e3o Paulo, Brasil, em 2007. Em 2010, Bruno obteve dois mestrados em Direito (LL.M), um em Direito Societ\u00e1rio e outro em Contratos, ambos do Insper\/IBMEC SP.<\/p>\n<p>Bruno \u00e9 associado \u00e0 Associa\u00e7\u00e3o de Advogados Americanos &#8211; Se\u00e7\u00e3o de Direito Internacional e Divis\u00e3o de Jovens Advogados, AIJA a Associa\u00e7\u00e3o Internacional de Jovens Advogados, Ordem dos Advogados do Brasil, Italcam &#8211; C\u00e2mara de Com\u00e9rcio Brasil &#8211; It\u00e1lia.<\/p>\n<p>Bruno \u00e9 fluente em portugu\u00eas, ingl\u00eas e italiano.<\/p>\n","protected":false},"excerpt":{"rendered":"<p>Bruno Ariboni Brandi auxilia clientes estrangeiros na cria\u00e7\u00e3o de empreendimentos no Brasil, bem como na prote\u00e7\u00e3o adequada dos seus ativos. Tamb\u00e9m atua em atividades de aplica\u00e7\u00e3o da lei com amplo conhecimento de Propriedade Intelectual, direito societ\u00e1rio e comercial, neg\u00f3cios de M&amp;A e joint ventures. Ingressou no escrit\u00f3rio Ariboni Fabbri &amp; Schmidt Advogados h\u00e1 20 anos. [&hellip;]<\/p>\n","protected":false},"author":719,"featured_media":34210,"template":"","sector":[12623],"country":[11553,12211],"skill":[12508,12509,12538,12553,12532],"class_list":["post-30999","vendor","type-vendor","status-publish","has-post-thumbnail","hentry","sector-legal-en-pt-pt","country-br-pt-pt","country-sao-paulo-pt-pt","skill-contracts-pt-pt","skill-corporate-pt-pt","skill-ma-pt-pt","skill-trademarks-and-patents-pt-pt","skill-intellectual-property-pt-pt"],"acf":[],"_links":{"self":[{"href":"https:\/\/www.legalmondo.com\/pt-pt\/wp-json\/wp\/v2\/vendor\/30999","targetHints":{"allow":["GET"]}}],"collection":[{"href":"https:\/\/www.legalmondo.com\/pt-pt\/wp-json\/wp\/v2\/vendor"}],"about":[{"href":"https:\/\/www.legalmondo.com\/pt-pt\/wp-json\/wp\/v2\/types\/vendor"}],"author":[{"embeddable":true,"href":"https:\/\/www.legalmondo.com\/pt-pt\/wp-json\/wp\/v2\/users\/719"}],"wp:featuredmedia":[{"embeddable":true,"href":"https:\/\/www.legalmondo.com\/pt-pt\/wp-json\/wp\/v2\/media\/34210"}],"wp:attachment":[{"href":"https:\/\/www.legalmondo.com\/pt-pt\/wp-json\/wp\/v2\/media?parent=30999"}],"wp:term":[{"taxonomy":"sector","embeddable":true,"href":"https:\/\/www.legalmondo.com\/pt-pt\/wp-json\/wp\/v2\/sector?post=30999"},{"taxonomy":"country","embeddable":true,"href":"https:\/\/www.legalmondo.com\/pt-pt\/wp-json\/wp\/v2\/country?post=30999"},{"taxonomy":"skill","embeddable":true,"href":"https:\/\/www.legalmondo.com\/pt-pt\/wp-json\/wp\/v2\/skill?post=30999"}],"curies":[{"name":"wp","href":"https:\/\/api.w.org\/{rel}","templated":true}]}}