{"id":28986,"date":"2017-11-03T15:06:17","date_gmt":"2017-11-03T14:06:17","guid":{"rendered":"https:\/\/www.legalmondo.com\/network\/caroline-barbe\/"},"modified":"2024-02-21T23:43:59","modified_gmt":"2024-02-21T22:43:59","slug":"caroline-barbe","status":"publish","type":"vendor","link":"https:\/\/www.legalmondo.com\/fr\/network\/caroline-barbe\/","title":{"rendered":"Caroline Barbe"},"content":{"rendered":"<p>Caroline Barbe est une avocate sp\u00e9cialis\u00e9e en droit du travail et de l&#8217;emploi. Elle a pr\u00eat\u00e9 serment en 2008 et a rejoint l&rsquo;\u00e9quipe de Solucial Avocats d&rsquo;abord en tant que collaboratrice puis est devenue associ\u00e9e en 2012.<\/p>\n<p>Elle conseille et assiste exclusivement des entreprises dans diff\u00e9rentes situations telles que la mobilit\u00e9 internationale des salari\u00e9s, les n\u00e9gociations individuelles et collectives, les plans de retraite, les licenciements, les contentieux sociaux ou les relations avec les administrations du travail.<\/p>\n<p>Caroline intervient r\u00e9guli\u00e8rement sur l&rsquo;actualit\u00e9 du droit du travail aupr\u00e8s de la Chambre de Commerce franco-belge et d&rsquo;autres clubs RH. Caroline forme \u00e9galement les RH et les managers sur diff\u00e9rents sujets li\u00e9s au droit du travail.<\/p>\n<p>Elle est membre actif de l&rsquo;Association Internationale des Jeunes Avocats (AIJA) et vient d&rsquo;\u00eatre d\u00e9sign\u00e9e Vice-Pr\u00e9sidente de sa Commission Droit du Travail ; elle est \u00e9galement membre de la Commission Internationale du Barreau de Lille et membre actif de l&rsquo;association CJD (Comit\u00e9 des Jeunes Dirigeants).<\/p>\n<p>Caroline parle couramment le fran\u00e7ais et l&rsquo;anglais<\/p>\n","protected":false},"excerpt":{"rendered":"<p>Caroline Barbe is a lawyer specialized in Labour and Employment law. She took her oath in 2008 and joined Solucial Avocats\u2019 team first as an associate and became a partner in 2012.<\/p>\n","protected":false},"author":145,"featured_media":24125,"template":"","sector":[10819],"country":[10883,11326,10887],"skill":[10865],"class_list":["post-28986","vendor","type-vendor","status-publish","has-post-thumbnail","hentry","sector-legal-en-fr","country-fr-fr","country-lille-fr","country-paris-fr","skill-labor-fr"],"acf":[],"_links":{"self":[{"href":"https:\/\/www.legalmondo.com\/fr\/wp-json\/wp\/v2\/vendor\/28986","targetHints":{"allow":["GET"]}}],"collection":[{"href":"https:\/\/www.legalmondo.com\/fr\/wp-json\/wp\/v2\/vendor"}],"about":[{"href":"https:\/\/www.legalmondo.com\/fr\/wp-json\/wp\/v2\/types\/vendor"}],"author":[{"embeddable":true,"href":"https:\/\/www.legalmondo.com\/fr\/wp-json\/wp\/v2\/users\/145"}],"wp:featuredmedia":[{"embeddable":true,"href":"https:\/\/www.legalmondo.com\/fr\/wp-json\/wp\/v2\/media\/24125"}],"wp:attachment":[{"href":"https:\/\/www.legalmondo.com\/fr\/wp-json\/wp\/v2\/media?parent=28986"}],"wp:term":[{"taxonomy":"sector","embeddable":true,"href":"https:\/\/www.legalmondo.com\/fr\/wp-json\/wp\/v2\/sector?post=28986"},{"taxonomy":"country","embeddable":true,"href":"https:\/\/www.legalmondo.com\/fr\/wp-json\/wp\/v2\/country?post=28986"},{"taxonomy":"skill","embeddable":true,"href":"https:\/\/www.legalmondo.com\/fr\/wp-json\/wp\/v2\/skill?post=28986"}],"curies":[{"name":"wp","href":"https:\/\/api.w.org\/{rel}","templated":true}]}}