{"id":28145,"date":"2023-10-27T17:20:05","date_gmt":"2023-10-27T15:20:05","guid":{"rendered":"https:\/\/www.legalmondo.com\/network\/reinier-wolters\/"},"modified":"2023-10-27T17:56:07","modified_gmt":"2023-10-27T15:56:07","slug":"reinier-wolters","status":"publish","type":"vendor","link":"https:\/\/www.legalmondo.com\/es\/network\/reinier-wolters\/","title":{"rendered":"Reinier Wolters"},"content":{"rendered":"\n<p>Reinier Wolters es socio de Citius Advocaten. Est\u00e1 especializado en Derecho Laboral e Inmigraci\u00f3n Corporativa, lo que incluye asuntos de Movilidad Internacional, Permisos de Trabajo y Residencia, Derechos Laborales, Trabajadores Desplazados, Trabajadores Transfronterizos, UE, Visados, Trabajadores Cualificados, Redacci\u00f3n de Acuerdos Laborales, Despidos (Colectivos), Resoluci\u00f3n de Conflictos, Acuerdos.<\/p>\n\n\n\n<p>Tras estudiar Derecho neerland\u00e9s en la Universidad de \u00c1msterdam, Reinier se especializ\u00f3 en Derecho de extranjer\u00eda, centr\u00e1ndose en el mercado empresarial. La combinaci\u00f3n con el derecho laboral result\u00f3 ser una gran ventaja para este mercado. Adem\u00e1s de a empresas internacionales, Reinier tambi\u00e9n asiste a empresarios que desean establecerse en los Pa\u00edses Bajos. Su pr\u00e1ctica en derecho laboral es variada, pero se centra principalmente en empresas y expatriados.<\/p>\n\n\n\n<p>Reinier se incorpor\u00f3 a Citius Advocaten como socio en 2022 despu\u00e9s de haber trabajado en bufetes de tama\u00f1o medio y boutique en \u00c1msterdam. Reinier es miembro de la Asociaci\u00f3n de Abogados Laboralistas de los Pa\u00edses Bajos (VAAN) y del grupo de trabajo de Asistencia Jur\u00eddica para Extranjeros.<\/p>\n\n\n\n<p>Habla neerland\u00e9s e ingl\u00e9s.<\/p>\n","protected":false},"excerpt":{"rendered":"<p>Reinier Wolters es socio de Citius Advocaten. Est\u00e1 especializado en Derecho Laboral e Inmigraci\u00f3n Corporativa, lo que incluye asuntos de Movilidad Internacional, Permisos de Trabajo y Residencia, Derechos Laborales, Trabajadores Desplazados, Trabajadores Transfronterizos, UE, Visados, Trabajadores Cualificados, Redacci\u00f3n de Acuerdos Laborales, Despidos (Colectivos), Resoluci\u00f3n de Conflictos, Acuerdos. Tras estudiar Derecho neerland\u00e9s en la Universidad de [&hellip;]<\/p>\n","protected":false},"author":716,"featured_media":28137,"template":"","sector":[383],"country":[593,562],"skill":[414],"class_list":["post-28145","vendor","type-vendor","status-publish","has-post-thumbnail","hentry","sector-legal-es","country-amsterdam-es","country-nl-es","skill-immigration-es"],"acf":[],"_links":{"self":[{"href":"https:\/\/www.legalmondo.com\/es\/wp-json\/wp\/v2\/vendor\/28145","targetHints":{"allow":["GET"]}}],"collection":[{"href":"https:\/\/www.legalmondo.com\/es\/wp-json\/wp\/v2\/vendor"}],"about":[{"href":"https:\/\/www.legalmondo.com\/es\/wp-json\/wp\/v2\/types\/vendor"}],"author":[{"embeddable":true,"href":"https:\/\/www.legalmondo.com\/es\/wp-json\/wp\/v2\/users\/716"}],"wp:featuredmedia":[{"embeddable":true,"href":"https:\/\/www.legalmondo.com\/es\/wp-json\/wp\/v2\/media\/28137"}],"wp:attachment":[{"href":"https:\/\/www.legalmondo.com\/es\/wp-json\/wp\/v2\/media?parent=28145"}],"wp:term":[{"taxonomy":"sector","embeddable":true,"href":"https:\/\/www.legalmondo.com\/es\/wp-json\/wp\/v2\/sector?post=28145"},{"taxonomy":"country","embeddable":true,"href":"https:\/\/www.legalmondo.com\/es\/wp-json\/wp\/v2\/country?post=28145"},{"taxonomy":"skill","embeddable":true,"href":"https:\/\/www.legalmondo.com\/es\/wp-json\/wp\/v2\/skill?post=28145"}],"curies":[{"name":"wp","href":"https:\/\/api.w.org\/{rel}","templated":true}]}}